{"id":4140,"date":"2019-09-16T13:18:32","date_gmt":"2019-09-16T13:18:32","guid":{"rendered":"https:\/\/architecturezone.eu\/mentions-legales-vie-privee\/"},"modified":"2024-11-07T07:13:52","modified_gmt":"2024-11-07T07:13:52","slug":"mentions-legales-vie-privee","status":"publish","type":"page","link":"https:\/\/linear.archi\/fr\/mentions-legales-vie-privee\/","title":{"rendered":"Mentions l\u00e9gales &amp; vie priv\u00e9e"},"content":{"rendered":"\t\t<div data-elementor-type=\"wp-post\" data-elementor-id=\"4140\" class=\"elementor elementor-4140\">\n\t\t\t\t\t\t<section class=\"elementor-section elementor-top-section elementor-element elementor-element-6e68de7 elementor-section-boxed elementor-section-height-default elementor-section-height-default\" data-id=\"6e68de7\" data-element_type=\"section\" data-settings=\"{&quot;architecturer_ext_is_background_parallax&quot;:&quot;false&quot;,&quot;architecturer_ext_is_background_on_scroll&quot;:&quot;false&quot;}\">\n\t\t\t\t\t\t<div class=\"elementor-container elementor-column-gap-default\">\n\t\t\t\t\t<div class=\"elementor-column elementor-col-50 elementor-top-column elementor-element elementor-element-642c5d9\" data-id=\"642c5d9\" data-element_type=\"column\" data-settings=\"{&quot;architecturer_ext_is_mobile_menu&quot;:&quot;false&quot;,&quot;architecturer_ext_is_scrollme&quot;:&quot;false&quot;,&quot;architecturer_ext_is_smoove&quot;:&quot;false&quot;,&quot;architecturer_ext_is_parallax_mouse&quot;:&quot;false&quot;,&quot;architecturer_ext_is_infinite&quot;:&quot;false&quot;,&quot;architecturer_ext_is_fadeout_animation&quot;:&quot;false&quot;}\">\n\t\t\t<div class=\"elementor-widget-wrap elementor-element-populated\">\n\t\t\t\t\t\t<div class=\"elementor-element elementor-element-9ffce61 elementor-widget elementor-widget-text-editor\" data-id=\"9ffce61\" data-element_type=\"widget\" data-settings=\"{&quot;architecturer_ext_is_mobile_menu&quot;:&quot;false&quot;,&quot;architecturer_ext_is_scrollme&quot;:&quot;false&quot;,&quot;architecturer_ext_is_smoove&quot;:&quot;false&quot;,&quot;architecturer_ext_is_parallax_mouse&quot;:&quot;false&quot;,&quot;architecturer_ext_is_infinite&quot;:&quot;false&quot;,&quot;architecturer_ext_is_fadeout_animation&quot;:&quot;false&quot;}\" data-widget_type=\"text-editor.default\">\n\t\t\t\t<div class=\"elementor-widget-container\">\n\t\t\t\t\t\t\t\t\t<p><strong>Editeur responsable:<\/strong> Marc LINNERTZ<br \/><br \/>Si\u00e8ge social Belgique<br \/>Gro\u00dfenborn, H\u00fcnningen, 31<br \/>B-4780 St. Vith<br \/>Tel: +32 (0)472 35 58 02<br \/>TVA: BE 0826.585.894<br \/><br \/>Succursale Luxembourgeoise<br \/>39, Gruuss Strooss<br \/>L-9991 Weiswampach<br \/>Tel.: +352 621 28 32 5 5<br \/>TVA: LU 25887866<br \/><br \/>E-Mail: <span id=\"cloak16878\"><a href=\"mailto:ml@linear.archi\">ml@linear.archi<\/a><\/span><br \/><br \/><strong>Copyright \u00a9 2024 LINEAR<\/strong><\/p><p>Tous les contenus de ce site Web (textes, donn\u00e9es, illustrations, photos, graphiques, logos, descriptions de produits, etc.) sont prot\u00e9g\u00e9s par le droit d&rsquo;auteur. Tous les noms de soci\u00e9t\u00e9s et de marques donn\u00e9s, ainsi que leurs marques, sont la propri\u00e9t\u00e9 de leurs propri\u00e9taires et servent uniquement \u00e0 l&rsquo;identification et \u00e0 la description des produits.<\/p><p><strong>\u00a9 Photos: Alice Peters<\/strong><\/p>\t\t\t\t\t\t\t\t<\/div>\n\t\t\t\t<\/div>\n\t\t\t\t<div class=\"elementor-element elementor-element-69cd0c6 elementor-widget elementor-widget-text-editor\" data-id=\"69cd0c6\" data-element_type=\"widget\" data-settings=\"{&quot;architecturer_ext_is_mobile_menu&quot;:&quot;false&quot;,&quot;architecturer_ext_is_scrollme&quot;:&quot;false&quot;,&quot;architecturer_ext_is_smoove&quot;:&quot;false&quot;,&quot;architecturer_ext_is_parallax_mouse&quot;:&quot;false&quot;,&quot;architecturer_ext_is_infinite&quot;:&quot;false&quot;,&quot;architecturer_ext_is_fadeout_animation&quot;:&quot;false&quot;}\" data-widget_type=\"text-editor.default\">\n\t\t\t\t<div class=\"elementor-widget-container\">\n\t\t\t\t\t\t\t\t\t<p>Creation &amp; Concept:<\/p><p><strong>Indigoweb s\u00e0rl<\/strong><strong><br \/><\/strong>Z.I. In den Allern 6<br \/>L-9911 Troisvierges<\/p><p>Tel. +352 99 70 98 36<\/p><p>Email: <a href=\"mailto:info@indigo.info\">info@indigo.info<\/a><br \/><u>www.indigo.info<br \/><\/u><\/p><p><strong>Webhosting \/ Datacenter:<\/strong><\/p><p><strong>Host Europe GmbH<\/strong><br \/>Welserstra\u00dfe 14<br \/>D-51149 Cologne<br \/>REG ID: HRB 28495<br \/>VAT ID: DE187370678<\/p><p>\u00a0<\/p>\t\t\t\t\t\t\t\t<\/div>\n\t\t\t\t<\/div>\n\t\t\t\t\t<\/div>\n\t\t<\/div>\n\t\t\t\t<div class=\"elementor-column elementor-col-50 elementor-top-column elementor-element elementor-element-e3823e1\" data-id=\"e3823e1\" data-element_type=\"column\" data-settings=\"{&quot;architecturer_ext_is_mobile_menu&quot;:&quot;false&quot;,&quot;architecturer_ext_is_scrollme&quot;:&quot;false&quot;,&quot;architecturer_ext_is_smoove&quot;:&quot;false&quot;,&quot;architecturer_ext_is_parallax_mouse&quot;:&quot;false&quot;,&quot;architecturer_ext_is_infinite&quot;:&quot;false&quot;,&quot;architecturer_ext_is_fadeout_animation&quot;:&quot;false&quot;}\">\n\t\t\t<div class=\"elementor-widget-wrap elementor-element-populated\">\n\t\t\t\t\t\t<div class=\"elementor-element elementor-element-c7a48b1 elementor-widget elementor-widget-text-editor\" data-id=\"c7a48b1\" data-element_type=\"widget\" data-settings=\"{&quot;architecturer_ext_is_mobile_menu&quot;:&quot;false&quot;,&quot;architecturer_ext_is_scrollme&quot;:&quot;false&quot;,&quot;architecturer_ext_is_smoove&quot;:&quot;false&quot;,&quot;architecturer_ext_is_parallax_mouse&quot;:&quot;false&quot;,&quot;architecturer_ext_is_infinite&quot;:&quot;false&quot;,&quot;architecturer_ext_is_fadeout_animation&quot;:&quot;false&quot;}\" data-widget_type=\"text-editor.default\">\n\t\t\t\t<div class=\"elementor-widget-container\">\n\t\t\t\t\t\t\t\t\t<h3>Informations l\u00e9gales et conditions d&rsquo;utilisation<\/h3>\n<h5>Conditions d&rsquo;acc\u00e8s au site<\/h5>\n<p>Toute personne (ci-apr\u00e8s \u00ab\u00a0l&rsquo;utilisateur\u00a0\u00bb) acc\u00e9dant au pr\u00e9sent site (ci-apr\u00e8s \u00ab\u00a0le site\u00a0\u00bb) est pr\u00e9sum\u00e9e avoir accept\u00e9 de fa\u00e7on inconditionnelle l&rsquo;ensemble des dispositions et des conditions d&rsquo;utilisation du site. Le site est accessible \u00e0 tout moment partout dans le monde. L&rsquo;utilisateur qui s&rsquo;y connecte porte seul la responsabilit\u00e9 de se conformer au respect des l\u00e9gislations et\/ou r\u00e9glementations en vigueur dans le pays o\u00f9 il r\u00e9side ou de celui d&rsquo;o\u00f9 il se connecte au site.<br \/>Le site Web est accessible \u00e0 tout moment et dans le monde entier. Les pr\u00e9sentes conditions d&rsquo;utilisation peuvent \u00eatre modifi\u00e9es par l&rsquo;\u00e9diteur \u00e0 tout moment. Les conditions d&rsquo;utilisation applicables \u00e0 toute utilisation du site sont celles disponibles et publi\u00e9es sur le site au moment de sa consultation par l&rsquo;utilisateur. La nullit\u00e9 ou non-validit\u00e9 d&rsquo;une disposition des pr\u00e9sentes conditions d&rsquo;utilisation ne porte pas pr\u00e9judice \u00e0 la validit\u00e9 des autres dispositions des pr\u00e9sentes conditions.<\/p>\n<\/p>\n<h5>Modifications de ces conditions d&rsquo;utilisation, de la responsabilit\u00e9 et de la loi applicable<\/h5>\n<p>Ces conditions d&rsquo;utilisation peuvent \u00eatre modifi\u00e9es par l&rsquo;\u00e9diteur \u00e0 tout moment. Les conditions d&rsquo;utilisation applicables \u00e0 toute utilisation du site Web sont celles publi\u00e9es sur le site Web au moment de l&rsquo;inspection par l&rsquo;utilisateur. La nullit\u00e9 ou l&rsquo;invalidit\u00e9 de toute disposition de ces Conditions d&rsquo;utilisation n&rsquo;affectera pas les autres dispositions de ces Conditions.<\/p>\n<h6> <\/h6>\n<h5>Non-responsabilit\u00e9<\/h5>\n<p>M\u00eame si toutes les informations du site ont fait l&rsquo;objet d&rsquo;une v\u00e9rification minutieuse, elles sont diffus\u00e9es \u00e0 titre purement indicatif. En aucun cas, l&rsquo;\u00e9diteur ne peut \u00eatre tenu responsable de l&rsquo;exactitude des informations indiqu\u00e9es ni donner la garantie que les donn\u00e9es soient compl\u00e8tes, pr\u00e9cises ou actuelles. Tous les renseignements sont donn\u00e9s sous r\u00e9serve de modification, d&rsquo;erreur ou d&rsquo;omission.<br \/>L&rsquo;\u00e9diteur se d\u00e9gage \u00e9galement de toute responsabilit\u00e9 en ce qui concerne les contenus provenant de tiers vers lesquels le site fait des hyperliens.<br \/>Enfin, l&rsquo;\u00e9diteur d\u00e9cline toute responsabilit\u00e9 et exclut toute garantie en cas d&rsquo;interruption ou mauvais fonctionnement du site. L&rsquo;\u00e9diteur ne pourra pas non plus \u00eatre tenu responsable pour des dommages directs ou indirects que l&rsquo;utilisateur pourrait encourir \u00e0 la suite d&rsquo;un acc\u00e8s au site ou de son utilisation.<\/p>\n<h5> <\/h5>\n<h3>Respect de la vie priv\u00e9e et protection de donn\u00e9es<\/h3>\n<h5>Traitement des donn\u00e9es personnelles<\/h5>\n<p>Des donn\u00e9es \u00e0 caract\u00e8re personnel ne pourront \u00eatre recueillies et trait\u00e9es que conform\u00e9ment aux r\u00e8gles relatives aux lois sur la protection des donn\u00e9es.<br \/>Dans certains cas, notamment lorsque l&rsquo;utilisateur remplit un formulaire sur le site et le renvoie, il est possible que certaines donn\u00e9es personnelles soient enregistr\u00e9es sur le serveur. Ces informations sont consid\u00e9r\u00e9es comme confidentielles et trait\u00e9es en tant que telles, elles ne seront donc jamais vendues ou transmises \u00e0 des tiers sans son approbation pr\u00e9alable. Si le site dispose d&rsquo;une newsletter, l&rsquo;utilisateur peut s&rsquo;y inscrire pour recevoir r\u00e9guli\u00e8rement des informations par e-mail.<br \/>Si le site dispose d&rsquo;une newsletter, l&rsquo;utilisateur peut s&rsquo;y inscrire pour recevoir r\u00e9guli\u00e8rement des informations par e-mail. Dans ce cas, l&rsquo;\u00e9diteur a besoin d&rsquo;une adresse e-mail valide que l&rsquo;utilisateur qui s&rsquo;inscrit \u00e0 la newsletter accepte de communiquer via le formulaire ad hoc. Der Benutzer best\u00e4tigt, der Eigent\u00fcmer der \u00fcbermittelten E-Mail-Adresse zu sein und erteilt seine Zustimmung f\u00fcr den Erhalt von E-Mails durch die Website oder den Herausgeber. L&rsquo;utilisateur confirme \u00eatre le propri\u00e9taire de ladite adresse e-mail ainsi communiqu\u00e9e et marque son accord pour recevoir les diff\u00e9rents e-mails envoy\u00e9s par le site et\/ou l&rsquo;\u00e9diteur.<br \/>L&rsquo;utilisateur a le droit de consulter ses donn\u00e9es personnelles afin de v\u00e9rifier leur exactitude et de faire corriger toutes \u00e9ventuelles erreurs en adressant une demande par courrier recommand\u00e9 \u00e0 l&rsquo;\u00e9diteur du site dont les coordonn\u00e9es figurent ci-dessus Pour cela, il envoie une lettre recommand\u00e9e \u00e0 l&rsquo;\u00e9diteur du site Web dont les coordonn\u00e9es sont indiqu\u00e9es ci-dessus.<\/p>\n<\/p>\n<h5>Utilisation des cookies<\/h5>\n<p>Ce site Internet utilise des cookies.<br \/>Comme la majorit\u00e9 des sites, celui-ci utilise des cookies. Les cookies sont des petits fichiers textes inoffensifs qui n&rsquo;affectent en aucun cas votre vie priv\u00e9e ni la s\u00e9curit\u00e9 de votre ordinateur.<br \/>Les cookies augmentent le confort de l&rsquo;utilisateur sur le site et permettent \u00e0 l&rsquo;\u00e9diteur d&rsquo;obtenir des statistiques anonymes sur la fr\u00e9quentation du site.<br \/>Pour savoir comment interdire ou supprimer les cookies sur votre ordinateur, reportez-vous \u00e0 la documentation de votre navigateur.<br \/>L&rsquo;\u00e9diteur informe l&rsquo;utilisateur que le site fait usage de cookies pour augmenter le confort d&rsquo;utilisation du site, en augmenter la performance et d&rsquo;\u00e9tablir les statistiques de fr\u00e9quentation.<br \/>Comme le site ne peut fonctionner sans utiliser ces cookies, nous invitons tout utilisateur en d\u00e9saccord avec leur utilisation d&rsquo;abandonner imm\u00e9diatement leur session de navigation sur le site.<\/p>\n<\/p>\n<h5>Utilisation de Google Analytics<\/h5>\n<p>Ce site utilise Google Analytics, un service d&rsquo;analyse de site internet fourni par Google Inc. (\u00ab Google \u00bb). (\u201eGoogle\u201c). Google Analytics utilise des cookies, qui sont des fichiers texte plac\u00e9s sur votre ordinateur, pour aider le site internet \u00e0 analyser l&rsquo;utilisation du site par ses utilisateurs. Les donn\u00e9es g\u00e9n\u00e9r\u00e9es par les cookies concernant votre utilisation du site (y compris votre adresse IP) seront transmises et stock\u00e9es par Google sur des serveurs situ\u00e9s aux Etats-Unis. Google utilisera cette information dans le but d&rsquo;\u00e9valuer votre utilisation du site, de compiler des rapports sur l&rsquo;activit\u00e9 du site \u00e0 destination de son \u00e9diteur et de fournir d&rsquo;autres services relatifs \u00e0 l&rsquo;activit\u00e9 du site et \u00e0 l&rsquo;utilisation d&rsquo;Internet.<br \/>Google est susceptible de communiquer ces donn\u00e9es \u00e0 des tiers en cas d&rsquo;obligation l\u00e9gale ou lorsque ces tiers traitent ces donn\u00e9es pour le compte de Google, y compris notamment l&rsquo;\u00e9diteur de ce site. Google ne recoupera pas votre adresse IP avec toute autre donn\u00e9e d\u00e9tenue par Google. Vous pouvez d\u00e9sactiver l&rsquo;utilisation de cookies en s\u00e9lectionnant les param\u00e8tres appropri\u00e9s de votre navigateur. Cependant, une telle d\u00e9sactivation pourrait emp\u00eacher l&rsquo;utilisation de certaines fonctionnalit\u00e9s de ce site. En utilisant ce site internet, vous consentez express\u00e9ment au traitement de vos donn\u00e9es nominatives par Google dans les conditions et pour les finalit\u00e9s d\u00e9crites ci-dessus.<\/p>\n\t\t\t\t\t\t\t\t<\/div>\n\t\t\t\t<\/div>\n\t\t\t\t\t<\/div>\n\t\t<\/div>\n\t\t\t\t\t<\/div>\n\t\t<\/section>\n\t\t\t\t<section class=\"elementor-section elementor-top-section elementor-element elementor-element-769b7c7 elementor-section-stretched elementor-section-full_width elementor-section-height-default elementor-section-height-default\" data-id=\"769b7c7\" data-element_type=\"section\" data-settings=\"{&quot;stretch_section&quot;:&quot;section-stretched&quot;,&quot;architecturer_ext_is_background_parallax&quot;:&quot;false&quot;,&quot;architecturer_ext_is_background_on_scroll&quot;:&quot;false&quot;}\">\n\t\t\t\t\t\t<div class=\"elementor-container elementor-column-gap-default\">\n\t\t\t\t\t<div class=\"elementor-column elementor-col-100 elementor-top-column elementor-element elementor-element-753c0d8\" data-id=\"753c0d8\" data-element_type=\"column\" data-settings=\"{&quot;architecturer_ext_is_mobile_menu&quot;:&quot;false&quot;,&quot;architecturer_ext_is_scrollme&quot;:&quot;false&quot;,&quot;architecturer_ext_is_smoove&quot;:&quot;false&quot;,&quot;architecturer_ext_is_parallax_mouse&quot;:&quot;false&quot;,&quot;architecturer_ext_is_infinite&quot;:&quot;false&quot;,&quot;architecturer_ext_is_fadeout_animation&quot;:&quot;false&quot;}\">\n\t\t\t<div class=\"elementor-widget-wrap elementor-element-populated\">\n\t\t\t\t\t\t<div class=\"elementor-element elementor-element-c13c224 elementor-widget elementor-widget-spacer\" data-id=\"c13c224\" data-element_type=\"widget\" data-settings=\"{&quot;architecturer_ext_is_mobile_menu&quot;:&quot;false&quot;,&quot;architecturer_ext_is_scrollme&quot;:&quot;false&quot;,&quot;architecturer_ext_is_smoove&quot;:&quot;false&quot;,&quot;architecturer_ext_is_parallax_mouse&quot;:&quot;false&quot;,&quot;architecturer_ext_is_infinite&quot;:&quot;false&quot;,&quot;architecturer_ext_is_fadeout_animation&quot;:&quot;false&quot;}\" data-widget_type=\"spacer.default\">\n\t\t\t\t<div class=\"elementor-widget-container\">\n\t\t\t\t\t\t\t<div class=\"elementor-spacer\">\n\t\t\t<div class=\"elementor-spacer-inner\"><\/div>\n\t\t<\/div>\n\t\t\t\t\t\t<\/div>\n\t\t\t\t<\/div>\n\t\t\t\t\t<\/div>\n\t\t<\/div>\n\t\t\t\t\t<\/div>\n\t\t<\/section>\n\t\t\t\t<\/div>\n\t\t","protected":false},"excerpt":{"rendered":"<p>Editeur responsable: Marc LINNERTZ Si\u00e8ge social BelgiqueGro\u00dfenborn, H\u00fcnningen, 31B-4780 St. VithTel: +32 (0)472 35 58 02TVA: BE 0826.585.894 Succursale Luxembourgeoise39, Gruuss StroossL-9991 WeiswampachTel.: +352 621 28 32 5 5TVA: LU 25887866 E-Mail: ml@linear.archi Copyright \u00a9 2024 LINEAR Tous les contenus [&hellip;]<\/p>\n","protected":false},"author":1,"featured_media":0,"parent":0,"menu_order":0,"comment_status":"closed","ping_status":"closed","template":"","meta":{"footnotes":""},"class_list":["post-4140","page","type-page","status-publish","hentry"],"yoast_head":"<!-- This site is optimized with the Yoast SEO plugin v27.5 - https:\/\/yoast.com\/product\/yoast-seo-wordpress\/ -->\n<title>Mentions l\u00e9gales &amp; vie priv\u00e9e - Linear Architekten<\/title>\n<meta name=\"description\" content=\"Zone d&#039;architecture en Belgique et au Luxembourg. Editeur responsable Marc Linnertz\" \/>\n<meta name=\"robots\" content=\"index, follow, max-snippet:-1, max-image-preview:large, max-video-preview:-1\" \/>\n<link rel=\"canonical\" href=\"https:\/\/linear.archi\/fr\/mentions-legales-vie-privee\/\" \/>\n<meta property=\"og:locale\" content=\"fr_FR\" \/>\n<meta property=\"og:type\" content=\"article\" \/>\n<meta property=\"og:title\" content=\"Mentions l\u00e9gales &amp; vie priv\u00e9e - Linear Architekten\" \/>\n<meta property=\"og:description\" content=\"Zone d&#039;architecture en Belgique et au Luxembourg. Editeur responsable Marc Linnertz\" \/>\n<meta property=\"og:url\" content=\"https:\/\/linear.archi\/fr\/mentions-legales-vie-privee\/\" \/>\n<meta property=\"og:site_name\" content=\"Linear Architekten\" \/>\n<meta property=\"article:modified_time\" content=\"2024-11-07T07:13:52+00:00\" \/>\n<meta name=\"twitter:card\" content=\"summary_large_image\" \/>\n<meta name=\"twitter:label1\" content=\"Dur\u00e9e de lecture estim\u00e9e\" \/>\n\t<meta name=\"twitter:data1\" content=\"7 minutes\" \/>\n<script type=\"application\/ld+json\" class=\"yoast-schema-graph\">{\"@context\":\"https:\\\/\\\/schema.org\",\"@graph\":[{\"@type\":\"WebPage\",\"@id\":\"https:\\\/\\\/linear.archi\\\/fr\\\/mentions-legales-vie-privee\\\/\",\"url\":\"https:\\\/\\\/linear.archi\\\/fr\\\/mentions-legales-vie-privee\\\/\",\"name\":\"Mentions l\u00e9gales &amp; vie priv\u00e9e - Linear Architekten\",\"isPartOf\":{\"@id\":\"https:\\\/\\\/linear.archi\\\/fr\\\/#website\"},\"datePublished\":\"2019-09-16T13:18:32+00:00\",\"dateModified\":\"2024-11-07T07:13:52+00:00\",\"description\":\"Zone d'architecture en Belgique et au Luxembourg. Editeur responsable Marc Linnertz\",\"breadcrumb\":{\"@id\":\"https:\\\/\\\/linear.archi\\\/fr\\\/mentions-legales-vie-privee\\\/#breadcrumb\"},\"inLanguage\":\"fr-FR\",\"potentialAction\":[{\"@type\":\"ReadAction\",\"target\":[\"https:\\\/\\\/linear.archi\\\/fr\\\/mentions-legales-vie-privee\\\/\"]}]},{\"@type\":\"BreadcrumbList\",\"@id\":\"https:\\\/\\\/linear.archi\\\/fr\\\/mentions-legales-vie-privee\\\/#breadcrumb\",\"itemListElement\":[{\"@type\":\"ListItem\",\"position\":1,\"name\":\"Startseite\",\"item\":\"https:\\\/\\\/linear.archi\\\/fr\\\/\"},{\"@type\":\"ListItem\",\"position\":2,\"name\":\"Mentions l\u00e9gales &amp; vie priv\u00e9e\"}]},{\"@type\":\"WebSite\",\"@id\":\"https:\\\/\\\/linear.archi\\\/fr\\\/#website\",\"url\":\"https:\\\/\\\/linear.archi\\\/fr\\\/\",\"name\":\"Linear Architekten\",\"description\":\"Belgien &amp; Luxemburg\",\"potentialAction\":[{\"@type\":\"SearchAction\",\"target\":{\"@type\":\"EntryPoint\",\"urlTemplate\":\"https:\\\/\\\/linear.archi\\\/fr\\\/?s={search_term_string}\"},\"query-input\":{\"@type\":\"PropertyValueSpecification\",\"valueRequired\":true,\"valueName\":\"search_term_string\"}}],\"inLanguage\":\"fr-FR\"}]}<\/script>\n<!-- \/ Yoast SEO plugin. -->","yoast_head_json":{"title":"Mentions l\u00e9gales &amp; vie priv\u00e9e - Linear Architekten","description":"Zone d'architecture en Belgique et au Luxembourg. Editeur responsable Marc Linnertz","robots":{"index":"index","follow":"follow","max-snippet":"max-snippet:-1","max-image-preview":"max-image-preview:large","max-video-preview":"max-video-preview:-1"},"canonical":"https:\/\/linear.archi\/fr\/mentions-legales-vie-privee\/","og_locale":"fr_FR","og_type":"article","og_title":"Mentions l\u00e9gales &amp; vie priv\u00e9e - Linear Architekten","og_description":"Zone d'architecture en Belgique et au Luxembourg. Editeur responsable Marc Linnertz","og_url":"https:\/\/linear.archi\/fr\/mentions-legales-vie-privee\/","og_site_name":"Linear Architekten","article_modified_time":"2024-11-07T07:13:52+00:00","twitter_card":"summary_large_image","twitter_misc":{"Dur\u00e9e de lecture estim\u00e9e":"7 minutes"},"schema":{"@context":"https:\/\/schema.org","@graph":[{"@type":"WebPage","@id":"https:\/\/linear.archi\/fr\/mentions-legales-vie-privee\/","url":"https:\/\/linear.archi\/fr\/mentions-legales-vie-privee\/","name":"Mentions l\u00e9gales &amp; vie priv\u00e9e - Linear Architekten","isPartOf":{"@id":"https:\/\/linear.archi\/fr\/#website"},"datePublished":"2019-09-16T13:18:32+00:00","dateModified":"2024-11-07T07:13:52+00:00","description":"Zone d'architecture en Belgique et au Luxembourg. Editeur responsable Marc Linnertz","breadcrumb":{"@id":"https:\/\/linear.archi\/fr\/mentions-legales-vie-privee\/#breadcrumb"},"inLanguage":"fr-FR","potentialAction":[{"@type":"ReadAction","target":["https:\/\/linear.archi\/fr\/mentions-legales-vie-privee\/"]}]},{"@type":"BreadcrumbList","@id":"https:\/\/linear.archi\/fr\/mentions-legales-vie-privee\/#breadcrumb","itemListElement":[{"@type":"ListItem","position":1,"name":"Startseite","item":"https:\/\/linear.archi\/fr\/"},{"@type":"ListItem","position":2,"name":"Mentions l\u00e9gales &amp; vie priv\u00e9e"}]},{"@type":"WebSite","@id":"https:\/\/linear.archi\/fr\/#website","url":"https:\/\/linear.archi\/fr\/","name":"Linear Architekten","description":"Belgien &amp; Luxemburg","potentialAction":[{"@type":"SearchAction","target":{"@type":"EntryPoint","urlTemplate":"https:\/\/linear.archi\/fr\/?s={search_term_string}"},"query-input":{"@type":"PropertyValueSpecification","valueRequired":true,"valueName":"search_term_string"}}],"inLanguage":"fr-FR"}]}},"_links":{"self":[{"href":"https:\/\/linear.archi\/fr\/wp-json\/wp\/v2\/pages\/4140","targetHints":{"allow":["GET"]}}],"collection":[{"href":"https:\/\/linear.archi\/fr\/wp-json\/wp\/v2\/pages"}],"about":[{"href":"https:\/\/linear.archi\/fr\/wp-json\/wp\/v2\/types\/page"}],"author":[{"embeddable":true,"href":"https:\/\/linear.archi\/fr\/wp-json\/wp\/v2\/users\/1"}],"replies":[{"embeddable":true,"href":"https:\/\/linear.archi\/fr\/wp-json\/wp\/v2\/comments?post=4140"}],"version-history":[{"count":44,"href":"https:\/\/linear.archi\/fr\/wp-json\/wp\/v2\/pages\/4140\/revisions"}],"predecessor-version":[{"id":6520,"href":"https:\/\/linear.archi\/fr\/wp-json\/wp\/v2\/pages\/4140\/revisions\/6520"}],"wp:attachment":[{"href":"https:\/\/linear.archi\/fr\/wp-json\/wp\/v2\/media?parent=4140"}],"curies":[{"name":"wp","href":"https:\/\/api.w.org\/{rel}","templated":true}]}}